{"id":3280,"date":"2022-02-09T00:24:45","date_gmt":"2022-02-09T00:24:45","guid":{"rendered":"http:\/\/centrolindavista.org.mx\/?page_id=3280"},"modified":"2022-09-06T16:31:10","modified_gmt":"2022-09-06T22:31:10","slug":"serie-respuestas-para-la-paz","status":"publish","type":"page","link":"http:\/\/centrolindavista.org.mx\/?page_id=3280","title":{"rendered":"Serie Respuestas para la Paz"},"content":{"rendered":"<p>[vc_row][vc_column width=\u00bb1\/4&#8243;][vc_wp_custommenu nav_menu=\u00bb41&#8243;][\/vc_column][vc_column width=\u00bb3\/4&#8243;]<div class=\"grop-section_text   grop-heading-69f352eada2f8   vc_custom_1645653090780 text-left\"><div class=\"text-uppercase grop-sctn_title_fntSz-30   grop-heading-69f352eada2f8  text-left\">Serie Respuestas para la Paz<\/div><p>Descarga dando clic en imagen o titulos<\/p><\/div>[vc_row_inner][vc_column_inner width=\u00bb2\/3&#8243;][vc_column_text]<\/p>\n<p class=\"Estilo46\" align=\"justify\"><strong>Delincuencia y Paz Ciudadana<\/strong><\/p>\n<p class=\"Estilo47\" align=\"justify\">por Luis Ratinoff<\/p>\n<p class=\"Estilo2\" align=\"center\">Hacia un enfoque integrado del desarrollo: \u00c9tica, Violencia y Seguridad Ciudadana<\/p>\n<p>[\/vc_column_text][\/vc_column_inner][vc_column_inner width=\u00bb1\/3&#8243;][vc_single_image image=\u00bb3281&#8243; img_size=\u00bbfull\u00bb onclick=\u00bbcustom_link\u00bb link=\u00bbhttp:\/\/centrolindavista.org.mx\/wp-content\/uploads\/2022\/02\/delincuenciaypaz.pdf\u00bb][\/vc_column_inner][\/vc_row_inner][vc_separator][vc_row_inner][vc_column_inner width=\u00bb2\/3&#8243;][vc_column_text]<\/p>\n<p align=\"justify\"><strong><span class=\"Estilo46\">El Crimen y el Gobierno de la Ciudad<\/span><\/strong><\/p>\n<p class=\"Estilo47\" align=\"justify\">por Luis Ratinoff<\/p>\n<p class=\"Estilo2\" align=\"center\">Hacia un enfoque integrado del desarrollo: \u00c9tica, Violencia y Seguridad Ciudadana<\/p>\n<p>[\/vc_column_text][\/vc_column_inner][vc_column_inner width=\u00bb1\/3&#8243;][vc_single_image image=\u00bb3283&#8243; img_size=\u00bbfull\u00bb onclick=\u00bbcustom_link\u00bb link=\u00bbhttp:\/\/centrolindavista.org.mx\/wp-content\/uploads\/2022\/02\/crimenygob.pdf\u00bb][\/vc_column_inner][\/vc_row_inner][vc_separator][vc_row_inner][vc_column_inner width=\u00bb2\/3&#8243;][vc_column_text]<\/p>\n<p class=\"Estilo21\" align=\"justify\"><strong>Urbanizaci\u00f3n y Crimen<\/strong><\/p>\n<p class=\"Estilo47\" align=\"justify\">por Luis Ratinoff<\/p>\n<p class=\"Estilo2\" align=\"center\">Hacia un enfoque integrado del desarrollo: \u00c9tica, Violencia y Seguridad Ciudadana<\/p>\n<p>[\/vc_column_text][\/vc_column_inner][vc_column_inner width=\u00bb1\/3&#8243;][vc_single_image image=\u00bb3285&#8243; img_size=\u00bbfull\u00bb onclick=\u00bbcustom_link\u00bb link=\u00bbhttp:\/\/centrolindavista.org.mx\/wp-content\/uploads\/2022\/02\/urbanycrimen.pdf\u00bb][\/vc_column_inner][\/vc_row_inner][vc_separator][vc_row_inner][vc_column_inner width=\u00bb2\/3&#8243;][vc_column_text]<\/p>\n<p align=\"left\"><strong><span class=\"Estilo37\">LA ACCI\u00d3N DIRECTA NO VIOLENTA<\/span><\/strong><\/p>\n<p class=\"Estilo47\" align=\"left\">Por Alberto L\u2019Abate<\/p>\n<div align=\"justify\"><span class=\"Estilo11\">Para algunos, la no violencia constituye una t\u00e1ctica o un m\u00e9todo elegido como eficaz instrumento de lucha pol\u00edtica. Para otros, la no violencia es un modo de vida que entra\u00f1a, sobre todo, aspectos personales, y no simples actividades pol\u00edticas. De cualquier manera, ya sea como t\u00e1ctica o como m\u00e9todo de vida, cada d\u00eda aumenta el n\u00famero de los que consideran que la acci\u00f3n directa no violenta es el instrumento adecuado para frenar la injusticia y trabajar por la paz. Los m\u00e9todos no violentos han sido utilizados en las luchas para poner fin a las guerras, en la organizaci\u00f3n de sindicatos, en la conquista de la independencia nacional y en la superaci\u00f3n del racismo. El texto que presentamos a continuaci\u00f3n, es una breve introducci\u00f3n a la acci\u00f3n directa no violenta, que miles de activistas utilizan para el desarrollo de su trabajo. Inicialmente fue elaborado en el contexto de las luchas por los derechos civiles en E.U.A., y fue publicado por Fellowship of Reconciliation, a petici\u00f3n de Martin Luther King. La presente versi\u00f3n fue parcialmente revisada y adaptada para un contexto internacional.<\/span><\/div>\n<p>[\/vc_column_text][\/vc_column_inner][vc_column_inner width=\u00bb1\/3&#8243;][vc_single_image image=\u00bb3287&#8243; img_size=\u00bbfull\u00bb onclick=\u00bbcustom_link\u00bb link=\u00bbhttp:\/\/centrolindavista.org.mx\/wp-content\/uploads\/2022\/02\/la-acciond-no-violenta.pdf\u00bb][\/vc_column_inner][\/vc_row_inner][vc_column_text]<strong><a href=\"http:\/\/centrolindavista.org.mx\/wp-content\/uploads\/2022\/02\/Practica-Resolucion-de-Conflictos-Final200313-SH.pdf\">Pr\u00e1ctica de la Resoluci\u00f3n de Conflictos.<\/a><\/strong><\/p>\n<p>Este texto recoge cap\u00edtulos de la aportaci\u00f3n del\u00a0 Centro Lindavista, que apareci\u00f3 en forma m\u00e1s amplia con el t\u00edtulo <a href=\"http:\/\/centrolindavista.org.mx\/wp-content\/uploads\/2022\/02\/Practica-Resolucion-de-Conflictos-Final200313-SH.pdf\"><strong>\u201cPr\u00e1ctica de la Resoluci\u00f3n de Conflictos del Agua\u201d<\/strong><\/a> en Prevenci\u00f3n de Conflictos y Cooperaci\u00f3n en el manejo del agua en Am\u00e9rica Latina. Proyecto conjunto de la UNESCO \u201cdel Conflicto Potencial a la Cooperaci\u00f3n Potencial\u201d para Am\u00e9rica Latina y el Caribe (PCCP-LAC),2006 versi\u00f3n electr\u00f3nica UNESCO Programa Hidrol\u00f3gico Internacional.<strong><br \/>\n<\/strong>[\/vc_column_text][vc_column_text]<a href=\"http:\/\/centrolindavista.org.mx\/wp-content\/uploads\/2022\/02\/Prevencion-de-la-violencia-Guia-para-aplicar-OMS.pdf\"><strong>Prevenci\u00f3n de la violencia: Gu\u00eda para aplicar las recomendaciones del Informe mundial sobre la violencia y la salud.<\/strong><\/a><\/p>\n<p>Nos parece importante poder brindarle lo que esperamos sea un instrumento de reflexi\u00f3n y acci\u00f3n para quienes queremos prevenir la enfermedad de las violencias en nuestro M\u00e9xico, quienes tratamos de contribuir a la paz y salud de nuestras sociedades.<\/p>\n<p>Presentamos en este documento la Introducci\u00f3n y el tercer cap\u00edtulo, dedicado a \u201cFomentar la prevenci\u00f3n primaria de la violencia interpersonal\u201d del libro \u201cPrevenci\u00f3n de la violencia: Gu\u00eda para aplicar las recomendaciones del Informe mundial sobre la violencia y la salud\u201d de la Organizaci\u00f3n Mundial de la Salud.<\/p>\n<p>Quienes como personas, instituciones y comunidades deseamos y tratamos de detener \u201cel uso deliberado de la fuerza f\u00edsica o el poder, ya sea en grado de amenaza o efectivo, contra uno mismo, otra persona o un grupo o comunidad, que cause o tenga muchas probabilidades de causar lesiones, muerte, da\u00f1os psicol\u00f3gicos, trastornos del desarrollo o privaciones\u201d<\/p>\n<p>Solamente actuando simult\u00e1neamente sobre muchos factores y a esos cuatro niveles podremos sanar las heridas infligidas, prevenir el resultado violento y construir una paz estable y duradera.<\/p>\n<p>La Gu\u00eda completa puede bajarse de internet en: <strong>http:\/\/apps.who.int\/iris\/handle\/10665\/43439<\/strong>[\/vc_column_text][vc_separator][vc_column_text]<a href=\"http:\/\/centrolindavista.org.mx\/wp-content\/uploads\/2022\/03\/Hacia-una-mejor-gestion-de-los-conflictos-socioambientales-en-el-Peru.pdf\"><strong>Hacia una mejor gesti\u00f3n de los conflictos socioambientales en Per\u00fa<\/strong><\/a><\/p>\n<p>Presentamos a la amable lectora o lector algunos de los apartados sustanciales del Documento escrito por Giselle Huaman\u00ed Ober, Sandro Macassi Lavander, Julio Alegr\u00eda Galarreta y Telmo Rojas Alcalde.<\/p>\n<p>Este documento surge del CIES en el Per\u00fa como parte del Proyecto: \u00abFortalecimiento de capacidades estatales para la prevenci\u00f3n y resoluci\u00f3n de conflictos socioambientales en el Per\u00fa\u00bb El Consorcio de Investigaci\u00f3n Econ\u00f3mica y Social (CIES) est\u00e1 conformado por 48 instituciones acad\u00e9micas y centros de investigaci\u00f3n. Su misi\u00f3n es contribuir al desarrollo del Per\u00fa, elevando el nivel del debate nacional sobre las opciones clave de pol\u00edtica econ\u00f3mica y social. El prop\u00f3sito del CIES es fortalecer a la comunidad acad\u00e9mica peruana para producir y diseminar conocimiento \u00fatil para analistas y agentes de decisi\u00f3n en el sector p\u00fablico, la sociedad civil, los medios de comunicaci\u00f3n, la empresa privada y la cooperaci\u00f3n internacional<\/p>\n<p>Desde hace tiempo en el Centro Lindavista (Centro de Investigaci\u00f3n, Informaci\u00f3n y Apoyo a la Cultura, A.C.) nos ha servido de referencia importante esta publicaci\u00f3n.[\/vc_column_text][vc_separator][vc_row_inner][vc_column_inner width=\u00bb2\/3&#8243;][vc_column_text]<strong>Hacia una mejor gesti\u00f3n de los conflictos socioambientales en el Per\u00fa.<\/strong><\/p>\n<p>Este documento surge del CIES en el Per\u00fa como parte del Proyecto: \u00abFortalecimiento de<\/p>\n<p>capacidades estatales para la prevenci\u00f3n y resoluci\u00f3n de conflictos socioambientales en el<\/p>\n<p>Per\u00fa\u00bb El Consorcio de Investigaci\u00f3n Econ\u00f3mica y Social (CIES) est\u00e1 conformado por 48<\/p>\n<p>instituciones acad\u00e9micas y centros de investigaci\u00f3n. Su misi\u00f3n es contribuir al desarrollo<\/p>\n<p>del Per\u00fa, elevando el nivel del debate nacional sobre las opciones clave de pol\u00edtica<\/p>\n<p>econ\u00f3mica y social. El prop\u00f3sito del CIES es fortalecer a la comunidad acad\u00e9mica peruana<\/p>\n<p>para producir y diseminar conocimiento \u00fatil para analistas y agentes de decisi\u00f3n en el<\/p>\n<p>sector p\u00fablico, la sociedad civil, los medios de comunicaci\u00f3n, la empresa privada y la<\/p>\n<p align=\"left\">cooperaci\u00f3n internacional<\/p>\n<p>[\/vc_column_text][\/vc_column_inner][vc_column_inner width=\u00bb1\/3&#8243;][vc_single_image image=\u00bb3464&#8243; img_size=\u00bbfull\u00bb onclick=\u00bbcustom_link\u00bb link=\u00bbhttp:\/\/centrolindavista.org.mx\/wp-content\/uploads\/2022\/03\/Hacia-una-mejor-gestion-de-los-conflictos-socioambientales-en-el-Peru.pdf\u00bb][vc_column_text]<\/p>\n<p style=\"text-align: center;\"><a href=\"http:\/\/centrolindavista.org.mx\/wp-content\/uploads\/2022\/03\/Hacia-una-mejor-gestion-de-los-conflictos-socioambientales-en-el-Peru.pdf\"><strong>Clic para descarga.<\/strong><\/a><\/p>\n<p>[\/vc_column_text][\/vc_column_inner][\/vc_row_inner][vc_separator][vc_row_inner][vc_column_inner width=\u00bb2\/3&#8243;][vc_column_text]<strong>Prevenci\u00f3n de la violencia<\/strong><\/p>\n<p>Este texto recoge la Introducci\u00f3n y el tercer cap\u00edtulo, dedicado a \u201cFomentar la prevenci\u00f3n primaria de la violencia interpersonal\u201d del libro \u201cPrevenci\u00f3n de la violencia: Gu\u00eda para aplicar las recomendaciones del Informe mundial sobre la violencia y la salud\u201d de la Organizaci\u00f3n Mundial de la Salud<\/p>\n<p>Quienes como personas, instituciones y comunidades deseamos y tratamos de detener \u201cel uso deliberado de la fuerza f\u00edsica o el poder, ya sea en grado de amenaza o efectivo, contra uno mismo, otra persona o un grupo o comunidad, que cause o tenga muchas probabilidades de causar lesiones, muerte, da\u00f1os psicol\u00f3gicos, trastornos del desarrollo o privaciones\u201d<\/p>\n<p>Solamente actuando simult\u00e1neamente sobre muchos factores y a esos cuatro niveles podremos sanar las heridas infligidas, prevenir el resultado violento y construir una paz estable y duradera. tenemos la necesidad de instrumentos que nos permitan enfrentar y desarmar esas violencias a nivel individual, de relaciones, de la comunidad y del conjunto de la sociedad.[\/vc_column_text][\/vc_column_inner][vc_column_inner width=\u00bb1\/3&#8243;][vc_single_image image=\u00bb3465&#8243; img_size=\u00bbfull\u00bb onclick=\u00bbcustom_link\u00bb link=\u00bbhttp:\/\/centrolindavista.org.mx\/wp-content\/uploads\/2022\/03\/Prevencion-de-la-violencia-Guia-para-aplicar-OMS.pdf\u00bb][vc_column_text]<\/p>\n<p style=\"text-align: center;\"><a href=\"http:\/\/centrolindavista.org.mx\/wp-content\/uploads\/2022\/03\/Prevencion-de-la-violencia-Guia-para-aplicar-OMS.pdf\"><strong>Clic para descarga.<\/strong><\/a><\/p>\n<p>[\/vc_column_text][\/vc_column_inner][\/vc_row_inner][\/vc_column][\/vc_row]<\/p>\n","protected":false},"excerpt":{"rendered":"[vc_row][vc_column width=\u00bb1\/4&#8243;][vc_wp_custommenu nav_menu=\u00bb41&#8243;][\/vc_column][vc_column width=\u00bb3\/4&#8243;][vc_row_inner][vc_column_inner width=\u00bb2\/3&#8243;][vc_column_text] Delincuencia y Paz Ciudadana por Luis Ratinoff Hacia un enfoque integrado del desarrollo: \u00c9tica, Violencia y Seguridad Ciudadana [\/vc_column_text][\/vc_column_inner][vc_column_inner width=\u00bb1\/3&#8243;][vc_single_image image=\u00bb3281&#8243; img_size=\u00bbfull\u00bb onclick=\u00bbcustom_link\u00bb link=\u00bbhttp:\/\/centrolindavista.org.mx\/wp-content\/uploads\/2022\/02\/delincuenciaypaz.pdf\u00bb][\/vc_column_inner][\/vc_row_inner][vc_separator][vc_row_inner][vc_column_inner width=\u00bb2\/3&#8243;][vc_column_text] El Crimen y el Gobierno de la Ciudad por Luis Ratinoff Hacia un enfoque integrado del desarrollo: \u00c9tica, Violencia y Seguridad Ciudadana [\/vc_column_text][\/vc_column_inner][vc_column_inner width=\u00bb1\/3&#8243;][vc_single_image image=\u00bb3283&#8243; &#8230;","protected":false},"author":1,"featured_media":0,"parent":0,"menu_order":0,"comment_status":"closed","ping_status":"closed","template":"","meta":{"footnotes":""},"class_list":["post-3280","page","type-page","status-publish","hentry"],"_links":{"self":[{"href":"http:\/\/centrolindavista.org.mx\/index.php?rest_route=\/wp\/v2\/pages\/3280","targetHints":{"allow":["GET"]}}],"collection":[{"href":"http:\/\/centrolindavista.org.mx\/index.php?rest_route=\/wp\/v2\/pages"}],"about":[{"href":"http:\/\/centrolindavista.org.mx\/index.php?rest_route=\/wp\/v2\/types\/page"}],"author":[{"embeddable":true,"href":"http:\/\/centrolindavista.org.mx\/index.php?rest_route=\/wp\/v2\/users\/1"}],"replies":[{"embeddable":true,"href":"http:\/\/centrolindavista.org.mx\/index.php?rest_route=%2Fwp%2Fv2%2Fcomments&post=3280"}],"version-history":[{"count":8,"href":"http:\/\/centrolindavista.org.mx\/index.php?rest_route=\/wp\/v2\/pages\/3280\/revisions"}],"predecessor-version":[{"id":3781,"href":"http:\/\/centrolindavista.org.mx\/index.php?rest_route=\/wp\/v2\/pages\/3280\/revisions\/3781"}],"wp:attachment":[{"href":"http:\/\/centrolindavista.org.mx\/index.php?rest_route=%2Fwp%2Fv2%2Fmedia&parent=3280"}],"curies":[{"name":"wp","href":"https:\/\/api.w.org\/{rel}","templated":true}]}}