{"id":3220,"date":"2022-02-08T19:37:37","date_gmt":"2022-02-08T19:37:37","guid":{"rendered":"http:\/\/centrolindavista.org.mx\/?page_id=3220"},"modified":"2022-03-03T13:40:15","modified_gmt":"2022-03-03T19:40:15","slug":"obras-sobre-el-desarrollo-regional-integral-y-politicas-industriales","status":"publish","type":"page","link":"http:\/\/centrolindavista.org.mx\/?page_id=3220","title":{"rendered":"Obras sobre el Desarrollo Regional Integral y Pol\u00edticas Industriales"},"content":{"rendered":"<p>[vc_row][vc_column width=\u00bb1\/4&#8243;][vc_wp_custommenu nav_menu=\u00bb41&#8243;][\/vc_column][vc_column width=\u00bb3\/4&#8243;]<div class=\"grop-section_text   grop-heading-69f450eac9a96   vc_custom_1644346429452 text-left\"><div class=\"text-uppercase grop-sctn_title_fntSz-30   grop-heading-69f450eac9a96  text-left\">Publicaciones de Desarrollo Regional<\/div><\/div>[vc_row_inner][vc_column_inner][vc_column_text]<\/p>\n<p class=\"Estilo53\" style=\"text-align: center;\" align=\"justify\"><b>OBRAS DE PATIZIO BIANCHI<\/b><\/p>\n<p style=\"text-align: center;\">(Clic en tittulos o portadas para descarga de archivo)<\/p>\n<p>[\/vc_column_text][\/vc_column_inner][\/vc_row_inner][vc_row_inner][vc_column_inner width=\u00bb1\/3&#8243;][vc_single_image image=\u00bb3221&#8243; img_size=\u00bbfull\u00bb onclick=\u00bbcustom_link\u00bb link=\u00bbhttp:\/\/centrolindavista.org.mx\/wp-content\/uploads\/2022\/02\/nuevo_enfoque_pymes.pdf\u00bb][vc_column_text]<\/p>\n<p class=\"Estilo2\" align=\"justify\"><strong><a href=\"http:\/\/www.centrolindavista.org.mx\/nuevo_enfoque_pymes.pdf\" target=\"_blank\" rel=\"noopener\">Nuevo enfoque en el dise\u00f1o de las PyMEs<\/a><\/strong><\/p>\n<p class=\"Estilo2\" align=\"justify\"><em>Por Patrizio Bianchi<\/em><\/p>\n<p class=\"Estilo9\" align=\"justify\">Aprendiendo de la experiencia europea sobre las PyMEs que son estrat\u00e9gicamente importantes para el desarrollo integral de M\u00e9xico. Se toman en cuenta aspectos como la creaci\u00f3n de formas de colaboraci\u00f3n y la amplia participaci\u00f3n sociopol\u00edtica<\/p>\n<p>[\/vc_column_text][\/vc_column_inner][vc_column_inner width=\u00bb1\/3&#8243;][vc_single_image image=\u00bb3223&#8243; img_size=\u00bbfull\u00bb onclick=\u00bbcustom_link\u00bb link=\u00bbhttp:\/\/centrolindavista.org.mx\/wp-content\/uploads\/2022\/02\/peque_y_med_empresas.pdf\u00bb][vc_column_text]<\/p>\n<p class=\"Estilo10\" align=\"justify\"><strong><a href=\"http:\/\/www.centrolindavista.org.mx\/peque_y_med_empresas.pdf\" target=\"_blank\" rel=\"noopener\">Peque\u00f1as y Medianas Empresas<\/a><\/strong><\/p>\n<p align=\"justify\"><em>Por Patrizio Bianchi y Davide Parrilli<\/em><\/p>\n<p class=\"Estilo2\" align=\"justify\">Este documento presenta un an\u00e1lisis comparativo del papel jugado por las peque\u00f1as y medianas empresas (Pymes) en el proceso de reestructuraci\u00f3n en A.L. y Europa en las \u00faltimas d\u00e9cadas<\/p>\n<p>[\/vc_column_text][\/vc_column_inner][vc_column_inner width=\u00bb1\/3&#8243;][vc_single_image image=\u00bb3229&#8243; img_size=\u00bbfull\u00bb onclick=\u00bbcustom_link\u00bb link=\u00bbhttp:\/\/centrolindavista.org.mx\/wp-content\/uploads\/2022\/02\/reforma-del-estado_02-12-2010-1.pdf\u00bb][vc_column_text]<\/p>\n<p class=\"Estilo23\" align=\"justify\"><a href=\"http:\/\/www.centrolindavista.org.mx\/Innovacion2016.pdf\" target=\"_blank\" rel=\"noopener\"><strong>Innovaci\u00f3n y Territorio<\/strong><\/a><\/p>\n<p class=\"Estilo23\" align=\"justify\"><em>Por Patrizio Bianchi<\/em><\/p>\n<p class=\"Estilo23\" align=\"justify\">El pensamiento pr\u00e1ctico del equipo de investigadores que liderea Patrizio Bianchi, representa una importante contribuci\u00f3n para el di\u00e1logo mexicano sobre las pol\u00edticas hacia las PyMEs<\/p>\n<p>[\/vc_column_text][\/vc_column_inner][\/vc_row_inner][vc_column_text]<a href=\"http:\/\/eco.unife.it\/it\/ricerca-imprese-territorio\/quaderni-dipartimento\"><strong>\u201cPublicaciones del Departamento de Econom\u00eda de la Universidad de Ferrara desde 2000\u201d <\/strong><\/a>[\/vc_column_text][vc_separator][vc_column_text]<\/p>\n<p style=\"text-align: center;\"><strong>OTROS AUTORES<\/strong><\/p>\n<p>[\/vc_column_text][vc_row_inner][vc_column_inner width=\u00bb2\/3&#8243;][vc_column_text]<\/p>\n<p class=\"Estilo3\" align=\"justify\"><a href=\"http:\/\/centrolindavista.org.mx\/wp-content\/uploads\/2022\/02\/Factores-de-Exito-Adalberto-Savinon.pdf\"><strong>Factores de \u00e9xito en el desarrollo regional<\/strong><\/a><\/p>\n<p class=\"Estilo4\" align=\"justify\"><em>por Adalberto Savi\u00f1\u00f3n<\/em><\/p>\n<p align=\"justify\">Selecci\u00f3n de casos para promover el desarrollo regional a nivel mundial. Permite comparar los proyectos aplicados en otros pa\u00edses y regiones para que de este modo se dise\u00f1en acciones m\u00e1s eficaces y seguras<\/p>\n<p>[\/vc_column_text][\/vc_column_inner][vc_column_inner width=\u00bb1\/3&#8243;][vc_single_image image=\u00bb3236&#8243; img_size=\u00bbfull\u00bb onclick=\u00bbcustom_link\u00bb link=\u00bbhttp:\/\/centrolindavista.org.mx\/wp-content\/uploads\/2022\/02\/Factores-de-Exito-Adalberto-Savinon.pdf\u00bb][\/vc_column_inner][\/vc_row_inner][vc_row_inner][vc_column_inner width=\u00bb2\/3&#8243;][vc_column_text]<\/p>\n<p class=\"Estilo28\" align=\"justify\"><strong>Soberan\u00eda y desarrollo regional<\/strong><br \/>\n<em>Reflexiones para un Di\u00e1logo sobre Econom\u00edas Plurales al Servicio de la Soberan\u00eda y el Desarrollo Regional<\/em><\/p>\n<p class=\"Estilo28\" align=\"justify\"><em>\u00a0<\/em><\/p>\n<p class=\"Estilo38\" align=\"justify\">Por \u00a0Adalberto Savi\u00f1\u00f3n<\/p>\n<p class=\"Estilo43 Estilo23\" align=\"justify\">El objetivo de esta exposici\u00f3n es promover el intercambio de reflexiones sobre las m\u00faltiples posibilidades que hoy tenemos para avanzar en la contrucci\u00b4n de una sociedad m\u00e1s justa y solidaria. Para ello creo que podemos ya plantearnos la posibilidad de que la econom\u00eda est\u00e9, como debe. al servicio de los objetivos que la sociedad se fije de manera democr\u00e1tica y participativa para su desarrollo.<\/p>\n<p>[\/vc_column_text][\/vc_column_inner][vc_column_inner width=\u00bb1\/3&#8243;][vc_single_image image=\u00bb3238&#8243; img_size=\u00bbfull\u00bb onclick=\u00bbcustom_link\u00bb link=\u00bbhttp:\/\/centrolindavista.org.mx\/wp-content\/uploads\/2022\/02\/Soberania-y-desarrollo-regional.pdf\u00bb][\/vc_column_inner][\/vc_row_inner][vc_column_text]Es urgente superar las posiciones extremas buscando soluciones al problema de c\u00f3mo reproyectar los mecanismos del gobierno y de: mercado para que a todos, en las diferentes situaciones de desarro\u00adllo, se les permita participar. La competencia al interior de un para\u00addigma individualista es destructiva; por otro lado, la solidaridad pensada dentro de un paradigma puramente comunitario puede dar lugar a formas degenerativas de asistencialismo. Me fijar\u00e9 como ob\u00adjetivo ilustrar el hecho de que la econom\u00eda hoy puede servir a la sociedad mediante m\u00faltiples modelos m\u00e1s eficientes y simult\u00e1nea\u00admente m\u00e1s solidarios. Esto enfrenta al pensamiento de que s\u00f3lo hay un camino, el dominio del capital y el mercado sobre la sociedad y el Estado. Creo que podr\u00e9 compartir con ustedes de manera ilustrativa y s\u00f3lo a grandes pinceladas la multiplicidad de opciones que hoy son posibles.[\/vc_column_text][vc_separator][vc_row_inner][vc_column_inner width=\u00bb2\/3&#8243;][vc_column_text]<\/p>\n<p class=\"Estilo15\" align=\"justify\"><strong>La regionalizaci\u00f3n Nuevos horizontes para gesti\u00f3n p\u00fablica<\/strong><\/p>\n<p align=\"justify\"><em>Por \u00a0Guillermo Woo G\u00f3mez<\/em><\/p>\n<p align=\"justify\">En el marco del an\u00e1lisis de pol\u00edticias p\u00fablicas y desde la experiencia en la promoci\u00f3n e instrumentaci\u00f3n de pol\u00edticas regionales, se presenta una revisi\u00f3n de dos experiencias: el Programa de Regionalizaci\u00f3n en Jalisco y el taller de Planeaci\u00f3n de la Regi\u00f3n Centro-Occidente. Ambas experiencias son importantes referencias para los procesos de desarrollo regional en M\u00e9xico.<\/p>\n<p align=\"justify\">La disponibilidad de informaci\u00f3n documental, la reglexi\u00f3n de una diversidad de analistas, promotores y acad\u00e9micos-investigadores, as\u00ed como el testimonio de funcionarios p\u00fablicos y la referencia de otras experiencias en la instrumentaci\u00f3n de pol\u00edticas regionales permiten ofrecer al lector material suficiente para establecer una discusi\u00f3n objetiva sobre la naturaleza de los procesos de regionalizaci\u00f3n, sus enlaces, limitaciones y posibilidades reales en el contexto mexicano. El an\u00e1lis de ambos procesos revela la trascendencia de la actuaci\u00f3n pol\u00edtica y la forma como los interes de los actores p\u00fablicos, sus capacidades y competenicas, son determinantes para suerte que tengan estas reformas.<\/p>\n<p>[\/vc_column_text][\/vc_column_inner][vc_column_inner width=\u00bb1\/3&#8243;][vc_single_image image=\u00bb3243&#8243; img_size=\u00bbfull\u00bb onclick=\u00bbcustom_link\u00bb link=\u00bbhttp:\/\/centrolindavista.org.mx\/wp-content\/uploads\/2022\/02\/la_regionalizacion-Guillermo_Woo.pdf\u00bb][\/vc_column_inner][\/vc_row_inner][vc_separator][vc_row_inner][vc_column_inner width=\u00bb2\/3&#8243;][vc_column_text]<\/p>\n<p class=\"Estilo37\" align=\"left\"><a href=\"http:\/\/centrolindavista.org.mx\/wp-content\/uploads\/2022\/02\/SISTEMA-DE-INNOVACION-Y-DIFUSION-EN-LOS-DISTRITOS-INDUSTRIALES-ITALIANOS-Magdalena-de-la-rosa.pdf\"><strong>Sistema de Innovaci\u00f3n y Difusi\u00f3n en los Distritos Industriales Italianos<\/strong><\/a><\/p>\n<p class=\"Estilo40\" align=\"justify\">Por Magdalena de la Rosa Trujillo<\/p>\n<p class=\"Estilo23\" align=\"justify\">Las pol\u00edticas p\u00fablicas de desarrollo local que se generan en diversos pa\u00edses son recursos que se deben de rescatar y difun\u00addir. Una cuesti\u00f3n que surge de manera inmediata es saber c\u00f3mo se lograron y cu\u00e1les fueron los resultados de su aplica\u00adci\u00f3n. El trabajo que ahora tenemos oportunidad de conocer da muestra de pol\u00edticas p\u00fablicas exitosas, sobre todo de sus com\u00adponentes detonantes. Como en todos los \u00e1mbitos de la admi\u00adnistraci\u00f3n p\u00fablica, se deben establecer las reservas pertinentes para su aplicaci\u00f3n exitosa.<\/p>\n<p class=\"Estilo23\" align=\"justify\">El caso de Italia y especialmente de las regiones que la con\u00adforman permite observar algunos ejemplos de \u00e9xito. Lo im\u00adportante es observar c\u00f3mo se lograron estos casos de \u00e9xito y como pueden adecuarse para lograr el mismo efecto en otros lugares. De aqu\u00ed surge uno de los principales motivos de la investigaci\u00f3n realizada por Magdalena de la Rosa. La difu\u00adsi\u00f3n del conocimiento es uno de los pilares del crecimiento econ\u00f3mico, permite alternativas de desarrollo humano.<\/p>\n<p>[\/vc_column_text][\/vc_column_inner][vc_column_inner width=\u00bb1\/3&#8243;][vc_single_image image=\u00bb3248&#8243; img_size=\u00bbfull\u00bb onclick=\u00bbcustom_link\u00bb link=\u00bbhttp:\/\/centrolindavista.org.mx\/wp-content\/uploads\/2022\/02\/SISTEMA-DE-INNOVACION-Y-DIFUSION-EN-LOS-DISTRITOS-INDUSTRIALES-ITALIANOS-Magdalena-de-la-rosa.pdf\u00bb][\/vc_column_inner][\/vc_row_inner][vc_column_text]<\/p>\n<p class=\"Estilo23\" align=\"justify\">Los procesos de innovaci\u00f3n permiten aprovechar los logros cient\u00edficos y t\u00e9cnicos. Combinados ambos elementos (difusi\u00f3n del conocimiento e innovaci\u00f3n) generan diversas oportunidades para el desarrollo individual y colectivo. \u00bfCu\u00e1les son las caracter\u00edsticas que deben existir para que se lleve a cabo la difusi\u00f3n del conocimiento y la innovaci\u00f3n?. El estudio muestra un caso de \u00e9xito y su propuesta de aplicaci\u00f3n a un contexto muy diferente pero con las mismas potenciali\u00addades.<\/p>\n<p class=\"Estilo23\" align=\"justify\">Ernesto del Toro P\u00e9rez<\/p>\n<p>[\/vc_column_text][vc_separator][vc_row_inner][vc_column_inner width=\u00bb2\/3&#8243;][vc_column_text]<\/p>\n<p class=\"Estilo19\" align=\"left\"><strong>Construir Las Regiones<\/strong><\/p>\n<p class=\"Estilo38\" align=\"justify\">Por H\u00e9ctor Ferreira<\/p>\n<p class=\"Estilo23\" align=\"justify\">Este es un libro que arriesga, y lo hace al menos por su enfoque, por su prop\u00f3sito y su estilo.<\/p>\n<p class=\"Estilo23\" align=\"justify\">Adelanto que sale muy bien librado del riesgo, y que nos deja un texto heterodoxo que nos ven\u00eda haciendo falta desde hace tiempo.<\/p>\n<p class=\"Estilo23\" align=\"justify\">El empe\u00f1o de H\u00e9ctor Ferreira nos permite recuperar temas y perspectivas que no gozaron de mucha aceptaci\u00f3n en el pensamiento dominante de las \u00faltimas dos d\u00e9cadas del siglo XX.<\/p>\n<p class=\"Estilo23\" align=\"justify\">La planeaci\u00f3n, el desarrollo regional, la integridad, entre otros, fueron temas que resultaron arrinconados y muchas veces expulsados del debate y sobre todo de las pol\u00edticas p\u00fablicas.<\/p>\n<p class=\"Estilo23\" align=\"justify\">Enrique Provencio<\/p>\n<p>[\/vc_column_text][\/vc_column_inner][vc_column_inner width=\u00bb1\/3&#8243;][vc_single_image image=\u00bb3251&#8243; img_size=\u00bbfull\u00bb onclick=\u00bbcustom_link\u00bb link=\u00bbhttp:\/\/centrolindavista.org.mx\/wp-content\/uploads\/2022\/03\/Construir-las-regiones.pdf\u00bb][\/vc_column_inner][\/vc_row_inner][vc_separator][vc_row_inner][vc_column_inner width=\u00bb2\/3&#8243;][vc_column_text]<\/p>\n<p class=\"Estilo30\" align=\"justify\"><strong><span class=\"Estilo23\">Necesidad de una Nueva Pol\u00edtica Industrial para el M\u00e9xico del Siglo XXI<\/span><\/strong><\/p>\n<p class=\"Estilo40\" align=\"justify\">Por Mauricio de Maria y Campos<\/p>\n<p class=\"Estilo23\" align=\"justify\">La industria manufacturera ha sido y seguir\u00e1 siendo un sector fundamental, estrat\u00e9gico y l\u00edder en la promoci\u00f3n del desarrollo econ\u00f3mico, tanto en los hoy llamados pa\u00edses \u201cindustrializados\u201d, como en los pa\u00edses emergentes m\u00e1s exitosos. Su papel modernizador de las econom\u00edas, como veh\u00edculo del cambio tecnol\u00f3gico y la productivaza en otros sectores es tambi\u00e9n indudable. Su rol como sector de punta en las exportaciones de la mayor\u00eda de los pa\u00edses m\u00e1s desarrollados es evidente. Las manufacturas y, particularmente, las de m\u00e1s alto contenido tecnol\u00f3gico siguen representando los bienes que general la mayor contribuci\u00f3n y las mayores ganancias monop\u00f3licas en el comercio mundial.<\/p>\n<p>[\/vc_column_text][\/vc_column_inner][vc_column_inner width=\u00bb1\/3&#8243;][vc_single_image image=\u00bb3252&#8243; img_size=\u00bbfull\u00bb onclick=\u00bbcustom_link\u00bb link=\u00bbhttp:\/\/centrolindavista.org.mx\/wp-content\/uploads\/2022\/02\/necesidad_nva_pol_ind_ms_XXI.pdf\u00bb][\/vc_column_inner][\/vc_row_inner][vc_separator][vc_row_inner][vc_column_inner width=\u00bb2\/3&#8243;][vc_column_text]<\/p>\n<p class=\"Estilo32\" align=\"left\"><strong><span class=\"Estilo23\">Desarrollo de Microempresas, \u00c9tica, Educaci\u00f3n y Bien Com\u00fan<\/span><\/strong><\/p>\n<p class=\"Estilo40\" align=\"justify\">Por Gaspar F. Lo Biondo<\/p>\n<p class=\"Estilo23\" align=\"justify\">\u00bfQu\u00e9 tienen que ver las microempresa y el bien com\u00fan?, \u00bfTratamos a trav\u00e9s de las micro y peque\u00f1as empresas de responder a una necesidad individual o social o ambas? Lo \u00fanico que necesitamos dar al empresario micro o peque\u00f1o para \u00abque tenga \u00e9xito\u00bb es capacitaci\u00f3n y dinero?, \u00bfCu\u00e1l es la base \u00e9tica del trabajo con el empresario?, \u00bfLa educaci\u00f3n popular est\u00e1 orientada a darle instrumentos t\u00e9cnicos?, \u00bfC\u00f3mo la o lo preparamos par la ley de la selva -convirti\u00e9ndolo en un tigre?<\/p>\n<p class=\"Estilo23\" align=\"justify\">Gaspar Lo Biondo nos da en estas p\u00e1ginas una gu\u00eda, -profunda, defensa y compleja, pero important\u00edsima- para el trabajo con los y las micro y peque\u00f1os empresarios. Una gu\u00eda que responde a las interrogantes que planteamos al principio y a otras m\u00e1s.<\/p>\n<p class=\"Estilo23\" align=\"justify\">Adalberto Savi\u00f1\u00f3n<\/p>\n<p>[\/vc_column_text][\/vc_column_inner][vc_column_inner width=\u00bb1\/3&#8243;][vc_single_image image=\u00bb3254&#8243; img_size=\u00bbfull\u00bb onclick=\u00bbcustom_link\u00bb link=\u00bbhttp:\/\/centrolindavista.org.mx\/wp-content\/uploads\/2022\/02\/desarrollo_micro-empresas.pdf\u00bb][\/vc_column_inner][\/vc_row_inner][vc_separator][vc_row_inner][vc_column_inner width=\u00bb2\/3&#8243;][vc_column_text]<\/p>\n<p class=\"Estilo37\" align=\"justify\"><strong>Sistemas Productivos Locales<\/strong><\/p>\n<p class=\"Estilo38\" align=\"justify\">Por \u00a0Davide Parrilli<\/p>\n<p class=\"Estilo23\" align=\"justify\">Este art\u00edculo analiza los contextos de los sistemas productivos locales en Italia (distritos y clusters) a trav\u00e9s de un marco te\u00f3rico que enfatiza un nuevo esquema.<\/p>\n<p>[\/vc_column_text][\/vc_column_inner][vc_column_inner width=\u00bb1\/3&#8243;][vc_single_image image=\u00bb3256&#8243; img_size=\u00bbfull\u00bb][\/vc_column_inner][\/vc_row_inner][vc_separator][vc_row_inner][vc_column_inner width=\u00bb2\/3&#8243;][vc_column_text]<\/p>\n<p class=\"Estilo23 Estilo33\" align=\"left\"><strong>Introducci\u00f3n a la Integraci\u00f3n Productiva<\/strong><\/p>\n<p class=\"Estilo23\" align=\"justify\"><em>Sistema de las Naciones Unidas en M\u00e9xic<\/em>o<\/p>\n<p class=\"Estilo23\" align=\"justify\">Este libro constituye una primera entrega de la Serie \u00abIntegraci\u00f3n Productiva\u00bb, concebida como una propuesta metodol\u00f3gica y de operaci\u00f3n para la creaci\u00f3n de redes empresariales como instrumento de desarrollo territorial.<\/p>\n<p class=\"Estilo23\" align=\"justify\">La idea de elaborar esta gu\u00eda\u00a0<em>Introducci\u00f3n a la Integraci\u00f3n Productiva,\u00a0<\/em>que sistematiza las diferentes metodolog\u00edas y experiencias internacionales en materia de redes horizontales y redes verticales de empresas, surgi\u00f3 como iniciativa de la Oficina del Coordinador Residente del sistema de las Naciones Unidas en M\u00e9xico. La gu\u00eda\u00a0 fue realizada bajo la coordinaci\u00f3n del Programa de las Naciones Unidas para el Desarrollo (PNUD) y la \u00a0Organizaci\u00f3n de las Naciones Unidas para el Desarrollo Industrial (ONUDI), y estuvo a cargo de los consultores Marco Dini (ONUDI) y Alejandro Pardo (PNUD)<\/p>\n<p>[\/vc_column_text][\/vc_column_inner][vc_column_inner width=\u00bb1\/3&#8243;][vc_single_image image=\u00bb3257&#8243; img_size=\u00bbfull\u00bb][\/vc_column_inner][\/vc_row_inner][vc_column_text]Esta gu\u00eda es parte integrante del lanzamiento de una propuesta de asistencia t\u00e9cnica para proyectos de Integraci\u00f3n Productiva conformada, adem\u00e1s, por un paquete estructurado de instrumentos de asistencia t\u00e9cnica y capacitaci\u00f3n y por una red certificada de expertos que se encuentran en pleno funcionamiento.[\/vc_column_text][vc_separator][vc_row_inner][vc_column_inner width=\u00bb2\/3&#8243;][vc_column_text]<\/p>\n<p class=\"Estilo3\" align=\"justify\"><strong><span class=\"Estilo40\">Las Experiencias Italianas<\/span><\/strong><\/p>\n<p class=\"Estilo3\" align=\"justify\">\u00abUn Mosaico para la Reflexi\u00f3n en M\u00e9xico sobre Pol\u00edticas Industriales \u00ab<\/p>\n<p class=\"Estilo4\" align=\"justify\">Por Adalberto Savi\u00f1\u00f3n Diez de Sollano<\/p>\n<p class=\"Estilo42\" align=\"justify\">Decimos EXPERIENCIAS ITALIANAS porque algo interesante es la pluralidad de experiencias, Italia no nos presenta un solo modelo, sino m\u00faltiples, de los cuales es posible recabar \u00fatiles reflexiones que nos permitan aportar a los tambi\u00e9n m\u00faltiples modelos mexicanos, elementos que les brinden una mayor compe-titividad sist\u00e9mica.<\/p>\n<p class=\"Estilo42\" align=\"justify\">Por lo tanto lo que aqu\u00ed deseamos es presentar ejemplos, analizarlos y recabar de ellos los instrumentos que podr\u00edan ser aplicables en nuestra propia circunstancia.<\/p>\n<p class=\"Estilo42\" align=\"justify\">La informaci\u00f3n presentada no nos dice lo que debemos hacer, sino solamente que hay otros esquemas que podemos emular en nuestra modalidad cultural y en nuestro contexto geogr\u00e1fico, para resolver nuestros propios problemas sociales. La visi\u00f3n internacional s\u00f3lo nos coloca en un contexto, en una atalaya para ver hacia nuestro interior.<\/p>\n<p class=\"Estilo36\" align=\"right\"><span class=\"Estilo39\">Enero de 2001<\/span><\/p>\n<p>[\/vc_column_text][\/vc_column_inner][vc_column_inner width=\u00bb1\/3&#8243;][vc_single_image image=\u00bb3258&#8243; img_size=\u00bbfull\u00bb onclick=\u00bbcustom_link\u00bb link=\u00bbhttp:\/\/centrolindavista.org.mx\/wp-content\/uploads\/2022\/02\/experiencias_italianas.pdf\u00bb][\/vc_column_inner][\/vc_row_inner][\/vc_column][\/vc_row]<\/p>\n","protected":false},"excerpt":{"rendered":"[vc_row][vc_column width=\u00bb1\/4&#8243;][vc_wp_custommenu nav_menu=\u00bb41&#8243;][\/vc_column][vc_column width=\u00bb3\/4&#8243;][vc_row_inner][vc_column_inner][vc_column_text] OBRAS DE PATIZIO BIANCHI (Clic en tittulos o portadas para descarga de archivo) [\/vc_column_text][\/vc_column_inner][\/vc_row_inner][vc_row_inner][vc_column_inner width=\u00bb1\/3&#8243;][vc_single_image image=\u00bb3221&#8243; img_size=\u00bbfull\u00bb onclick=\u00bbcustom_link\u00bb link=\u00bbhttp:\/\/centrolindavista.org.mx\/wp-content\/uploads\/2022\/02\/nuevo_enfoque_pymes.pdf\u00bb][vc_column_text] Nuevo enfoque en el dise\u00f1o de las PyMEs Por Patrizio Bianchi Aprendiendo de la experiencia europea sobre las PyMEs que son estrat\u00e9gicamente importantes para el desarrollo integral de M\u00e9xico. Se toman en &#8230;","protected":false},"author":1,"featured_media":0,"parent":0,"menu_order":0,"comment_status":"closed","ping_status":"closed","template":"","meta":{"footnotes":""},"class_list":["post-3220","page","type-page","status-publish","hentry"],"_links":{"self":[{"href":"http:\/\/centrolindavista.org.mx\/index.php?rest_route=\/wp\/v2\/pages\/3220","targetHints":{"allow":["GET"]}}],"collection":[{"href":"http:\/\/centrolindavista.org.mx\/index.php?rest_route=\/wp\/v2\/pages"}],"about":[{"href":"http:\/\/centrolindavista.org.mx\/index.php?rest_route=\/wp\/v2\/types\/page"}],"author":[{"embeddable":true,"href":"http:\/\/centrolindavista.org.mx\/index.php?rest_route=\/wp\/v2\/users\/1"}],"replies":[{"embeddable":true,"href":"http:\/\/centrolindavista.org.mx\/index.php?rest_route=%2Fwp%2Fv2%2Fcomments&post=3220"}],"version-history":[{"count":17,"href":"http:\/\/centrolindavista.org.mx\/index.php?rest_route=\/wp\/v2\/pages\/3220\/revisions"}],"predecessor-version":[{"id":3510,"href":"http:\/\/centrolindavista.org.mx\/index.php?rest_route=\/wp\/v2\/pages\/3220\/revisions\/3510"}],"wp:attachment":[{"href":"http:\/\/centrolindavista.org.mx\/index.php?rest_route=%2Fwp%2Fv2%2Fmedia&parent=3220"}],"curies":[{"name":"wp","href":"https:\/\/api.w.org\/{rel}","templated":true}]}}