{"id":2906,"date":"2022-01-25T18:34:45","date_gmt":"2022-01-25T18:34:45","guid":{"rendered":"http:\/\/centrolindavista.org.mx\/?page_id=2906"},"modified":"2022-01-25T18:59:51","modified_gmt":"2022-01-25T18:59:51","slug":"documentos","status":"publish","type":"page","link":"http:\/\/centrolindavista.org.mx\/?page_id=2906","title":{"rendered":"Documentos"},"content":{"rendered":"<p>[vc_row][vc_column width=\u00bb1\/4&#8243;][vc_wp_custommenu nav_menu=\u00bb38&#8243;][\/vc_column][vc_column width=\u00bb3\/4&#8243;]<div class=\"grop-section_text   grop-heading-69f4a39667bd1   vc_custom_1643136402845 text-left\"><div class=\"text-uppercase grop-sctn_title_fntSz-30   grop-heading-69f4a39667bd1  text-left\">Documentos<\/div><\/div>[vc_row_inner][vc_column_inner width=\u00bb1\/3&#8243;][vc_message message_box_color=\u00bbwarning\u00bb icon_type=\u00bbtypicons\u00bb icon_typicons=\u00bbtypcn typcn-arrow-shuffle\u00bb]<a href=\"http:\/\/www.comitemixtohaiti-mexico.org.mx\/archivos_index\/documentos.html\" target=\"_blank\" rel=\"noopener\">Hait\u00ed<\/a>[\/vc_message][\/vc_column_inner][vc_column_inner width=\u00bb1\/3&#8243;][vc_message message_box_color=\u00bbwarning\u00bb icon_type=\u00bbtypicons\u00bb icon_typicons=\u00bbtypcn typcn-arrow-shuffle\u00bb]<a href=\"http:\/\/www.dialogopoliticaexterior.org.mx\/archivos_index\/dspe-2da-grupo5-3doc.html\">Grupo de los 5<\/a>[\/vc_message][\/vc_column_inner][vc_column_inner width=\u00bb1\/3&#8243;][vc_message message_box_color=\u00bbwarning\u00bb icon_type=\u00bbtypicons\u00bb icon_typicons=\u00bbtypcn typcn-arrow-shuffle\u00bb]<a href=\"http:\/\/www.dialogopoliticaexterior.org.mx\/archivos_index\/dspe-2da-conseg-3doc.html\">Consejo de Seguridad<\/a>[\/vc_message][\/vc_column_inner][\/vc_row_inner][vc_row_inner][vc_column_inner width=\u00bb1\/3&#8243;][vc_message message_box_color=\u00bbwarning\u00bb icon_type=\u00bbtypicons\u00bb icon_typicons=\u00bbtypcn typcn-arrow-shuffle\u00bb]<a href=\"http:\/\/www.dialogopoliticaexterior.org.mx\/archivos_index\/dspe-2da-crisisydes-3doc.html\">Crisis y Desarrollo<\/a>[\/vc_message][\/vc_column_inner][vc_column_inner width=\u00bb1\/3&#8243;][vc_message message_box_color=\u00bbwarning\u00bb icon_type=\u00bbtypicons\u00bb icon_typicons=\u00bbtypcn typcn-arrow-shuffle\u00bb]<a href=\"http:\/\/www.dialogopoliticaexterior.org.mx\/archivos_index\/dspe-2da-migra-3doc.html\">Migraci\u00f3n<\/a>[\/vc_message][\/vc_column_inner][vc_column_inner width=\u00bb1\/3&#8243;][vc_message message_box_color=\u00bbwarning\u00bb icon_type=\u00bbtypicons\u00bb icon_typicons=\u00bbtypcn typcn-arrow-shuffle\u00bb]<a href=\"http:\/\/www.dialogopoliticaexterior.org.mx\/archivos_index\/dspe-2da-grio-3doc.html\">Grupo de R\u00edo<\/a>[\/vc_message][\/vc_column_inner][\/vc_row_inner][vc_row_inner][vc_column_inner width=\u00bb1\/3&#8243;][vc_message message_box_color=\u00bbwarning\u00bb icon_type=\u00bbtypicons\u00bb icon_typicons=\u00bbtypcn typcn-arrow-shuffle\u00bb]<a href=\"http:\/\/www.dialogopoliticaexterior.org.mx\/archivos_index\/dspe-2da-ueuro-3doc.html\">Di\u00e1logo Social M\u00e9xico- Uni\u00f3n Europea<\/a>[\/vc_message][\/vc_column_inner][vc_column_inner width=\u00bb1\/3&#8243;][vc_message message_box_color=\u00bbwarning\u00bb icon_type=\u00bbtypicons\u00bb icon_typicons=\u00bbtypcn typcn-arrow-shuffle\u00bb]<a href=\"http:\/\/www.dialogopoliticaexterior.org.mx\/archivos_index\/dspe-2da-americalyc-3doc.html\">Am\u00e9rica Latina y el Caribe<\/a>[\/vc_message][\/vc_column_inner][vc_column_inner width=\u00bb1\/3&#8243;][vc_message message_box_color=\u00bbwarning\u00bb icon_type=\u00bbtypicons\u00bb icon_typicons=\u00bbtypcn typcn-arrow-shuffle\u00bb]<a href=\"http:\/\/www.dialogopoliticaexterior.org.mx\/archivos_index\/dspe-2da-ecosol-3doc.html\">Econom\u00eda Social y Solidaria<\/a>[\/vc_message][\/vc_column_inner][\/vc_row_inner][vc_row_inner][vc_column_inner][vc_message message_box_color=\u00bbwarning\u00bb icon_type=\u00bbtypicons\u00bb icon_typicons=\u00bbtypcn typcn-arrow-shuffle\u00bb]<a href=\"http:\/\/www.centrolindavista.org.mx\/APRENDIZAJESDSPE260213_final.pdf\">La experiencia y Aprendizaje del Dialogo Social para una Pol\u00edtica Exterior de Largo Plazo<\/a>[\/vc_message][\/vc_column_inner][\/vc_row_inner][vc_empty_space]<div class=\"grop-section_text   grop-heading-69f4a39667bf8   vc_custom_1643136444986 text-left\"><div class=\"text-uppercase grop-sctn_title_fntSz-30   grop-heading-69f4a39667bf8  text-left\">Documentos de Inter\u00e9s General<\/div><\/div>[vc_row_inner][vc_column_inner width=\u00bb1\/2&#8243; css=\u00bb.vc_custom_1643136514527{background-color: #f9f9f9 !important;}\u00bb][vc_message icon_type=\u00bbtypicons\u00bb icon_typicons=\u00bbtypcn typcn-book\u00bb]<a href=\"http:\/\/www.centrolindavista.org.mx\/Libro_Dialogo_Social_parte2.pdf\" target=\"_blank\" rel=\"noopener\">Di\u00e1logo Social Parte 2<\/a>[\/vc_message][\/vc_column_inner][vc_column_inner width=\u00bb1\/2&#8243; css=\u00bb.vc_custom_1643136526655{background-color: #f9f9f9 !important;}\u00bb][vc_message icon_type=\u00bbtypicons\u00bb icon_typicons=\u00bbtypcn typcn-info-large\u00bb]Fuente: Centro Lindavista[\/vc_message][\/vc_column_inner][\/vc_row_inner][vc_row_inner][vc_column_inner width=\u00bb1\/2&#8243; css=\u00bb.vc_custom_1643136514527{background-color: #f9f9f9 !important;}\u00bb][vc_message icon_type=\u00bbtypicons\u00bb icon_typicons=\u00bbtypcn typcn-book\u00bb]<a href=\"http:\/\/www.centrolindavista.org.mx\/Libro_Dialogo_Social_parte1.pdf\" target=\"_blank\" rel=\"noopener\">Di\u00e1logo Social Parte 1<\/a>[\/vc_message][\/vc_column_inner][vc_column_inner width=\u00bb1\/2&#8243; css=\u00bb.vc_custom_1643136526655{background-color: #f9f9f9 !important;}\u00bb][vc_message icon_type=\u00bbtypicons\u00bb icon_typicons=\u00bbtypcn typcn-info-large\u00bb]Fuente: Centro Lindavista[\/vc_message][\/vc_column_inner][\/vc_row_inner][vc_row_inner][vc_column_inner width=\u00bb1\/2&#8243; css=\u00bb.vc_custom_1643136514527{background-color: #f9f9f9 !important;}\u00bb][vc_message icon_type=\u00bbtypicons\u00bb icon_typicons=\u00bbtypcn typcn-book\u00bb]<a href=\"http:\/\/www.dialogopoliticaexterior.org.mx\/archivos_index\/documentos\/participacion-social-y-pol-ext.pdf\" target=\"_blank\" rel=\"noopener\">Participaci\u00f3n Social y Pol\u00edtica Exterior<\/a>[\/vc_message][\/vc_column_inner][vc_column_inner width=\u00bb1\/2&#8243; css=\u00bb.vc_custom_1643136526655{background-color: #f9f9f9 !important;}\u00bb][vc_message icon_type=\u00bbtypicons\u00bb icon_typicons=\u00bbtypcn typcn-info-large\u00bb]Fuente: Centro Lindavista[\/vc_message][\/vc_column_inner][\/vc_row_inner][vc_row_inner][vc_column_inner width=\u00bb1\/2&#8243; css=\u00bb.vc_custom_1643136514527{background-color: #f9f9f9 !important;}\u00bb][vc_message icon_type=\u00bbtypicons\u00bb icon_typicons=\u00bbtypcn typcn-book\u00bb]<a href=\"http:\/\/www.dialogopoliticaexterior.org.mx\/archivos_index\/documentos\/Reflexiones-sobre-Dialogo.pdf\" target=\"_blank\" rel=\"noopener\">Reflexiones sobre Di\u00e1logo Sociedad-Gobierno para Pol\u00edticas de Estado<\/a>[\/vc_message][\/vc_column_inner][vc_column_inner width=\u00bb1\/2&#8243; css=\u00bb.vc_custom_1643136526655{background-color: #f9f9f9 !important;}\u00bb][vc_message icon_type=\u00bbtypicons\u00bb icon_typicons=\u00bbtypcn typcn-info-large\u00bb]Fuente: Centro Lindavista[\/vc_message][\/vc_column_inner][\/vc_row_inner][\/vc_column][\/vc_row]<\/p>\n","protected":false},"excerpt":{"rendered":"[vc_row][vc_column width=\u00bb1\/4&#8243;][vc_wp_custommenu nav_menu=\u00bb38&#8243;][\/vc_column][vc_column width=\u00bb3\/4&#8243;][vc_row_inner][vc_column_inner width=\u00bb1\/3&#8243;][vc_message message_box_color=\u00bbwarning\u00bb icon_type=\u00bbtypicons\u00bb icon_typicons=\u00bbtypcn typcn-arrow-shuffle\u00bb]Hait\u00ed[\/vc_message][\/vc_column_inner][vc_column_inner width=\u00bb1\/3&#8243;][vc_message message_box_color=\u00bbwarning\u00bb icon_type=\u00bbtypicons\u00bb icon_typicons=\u00bbtypcn typcn-arrow-shuffle\u00bb]Grupo de los 5[\/vc_message][\/vc_column_inner][vc_column_inner width=\u00bb1\/3&#8243;][vc_message message_box_color=\u00bbwarning\u00bb icon_type=\u00bbtypicons\u00bb icon_typicons=\u00bbtypcn typcn-arrow-shuffle\u00bb]Consejo de Seguridad[\/vc_message][\/vc_column_inner][\/vc_row_inner][vc_row_inner][vc_column_inner width=\u00bb1\/3&#8243;][vc_message message_box_color=\u00bbwarning\u00bb icon_type=\u00bbtypicons\u00bb icon_typicons=\u00bbtypcn typcn-arrow-shuffle\u00bb]Crisis y Desarrollo[\/vc_message][\/vc_column_inner][vc_column_inner width=\u00bb1\/3&#8243;][vc_message message_box_color=\u00bbwarning\u00bb icon_type=\u00bbtypicons\u00bb icon_typicons=\u00bbtypcn typcn-arrow-shuffle\u00bb]Migraci\u00f3n[\/vc_message][\/vc_column_inner][vc_column_inner width=\u00bb1\/3&#8243;][vc_message message_box_color=\u00bbwarning\u00bb icon_type=\u00bbtypicons\u00bb icon_typicons=\u00bbtypcn typcn-arrow-shuffle\u00bb]Grupo de R\u00edo[\/vc_message][\/vc_column_inner][\/vc_row_inner][vc_row_inner][vc_column_inner width=\u00bb1\/3&#8243;][vc_message message_box_color=\u00bbwarning\u00bb icon_type=\u00bbtypicons\u00bb icon_typicons=\u00bbtypcn typcn-arrow-shuffle\u00bb]Di\u00e1logo Social M\u00e9xico- Uni\u00f3n Europea[\/vc_message][\/vc_column_inner][vc_column_inner width=\u00bb1\/3&#8243;][vc_message message_box_color=\u00bbwarning\u00bb icon_type=\u00bbtypicons\u00bb &#8230;","protected":false},"author":1,"featured_media":0,"parent":0,"menu_order":0,"comment_status":"closed","ping_status":"closed","template":"","meta":{"footnotes":""},"class_list":["post-2906","page","type-page","status-publish","hentry"],"_links":{"self":[{"href":"http:\/\/centrolindavista.org.mx\/index.php?rest_route=\/wp\/v2\/pages\/2906","targetHints":{"allow":["GET"]}}],"collection":[{"href":"http:\/\/centrolindavista.org.mx\/index.php?rest_route=\/wp\/v2\/pages"}],"about":[{"href":"http:\/\/centrolindavista.org.mx\/index.php?rest_route=\/wp\/v2\/types\/page"}],"author":[{"embeddable":true,"href":"http:\/\/centrolindavista.org.mx\/index.php?rest_route=\/wp\/v2\/users\/1"}],"replies":[{"embeddable":true,"href":"http:\/\/centrolindavista.org.mx\/index.php?rest_route=%2Fwp%2Fv2%2Fcomments&post=2906"}],"version-history":[{"count":17,"href":"http:\/\/centrolindavista.org.mx\/index.php?rest_route=\/wp\/v2\/pages\/2906\/revisions"}],"predecessor-version":[{"id":2923,"href":"http:\/\/centrolindavista.org.mx\/index.php?rest_route=\/wp\/v2\/pages\/2906\/revisions\/2923"}],"wp:attachment":[{"href":"http:\/\/centrolindavista.org.mx\/index.php?rest_route=%2Fwp%2Fv2%2Fmedia&parent=2906"}],"curies":[{"name":"wp","href":"https:\/\/api.w.org\/{rel}","templated":true}]}}