{"id":2559,"date":"2017-08-01T04:54:32","date_gmt":"2017-08-01T04:54:32","guid":{"rendered":"https:\/\/victorthemes.com\/themes\/groppe\/?page_id=7"},"modified":"2022-09-13T16:16:11","modified_gmt":"2022-09-13T22:16:11","slug":"home-one","status":"publish","type":"page","link":"http:\/\/centrolindavista.org.mx\/","title":{"rendered":"Home One"},"content":{"rendered":"<p>[vc_row overlay_dotted=\u00bb\u00bb css=\u00bb.vc_custom_1646685294979{margin-top: 50px !important;margin-right: 0px !important;margin-left: 0px !important;padding-top: 30px !important;padding-bottom: 0px !important;}\u00bb][vc_column]<h2 class=\"text-uppercase grop-sctn_title_fntSz-30  grop-heading-69f45e380dba4    text-left\">Bienvenida Lectora, Bienvenido Lector<\/h2>[vc_column_text css=\u00bb.vc_custom_1663107257943{border-top-width: 4px !important;border-right-width: 4px !important;border-bottom-width: 4px !important;border-left-width: 4px !important;border-left-color: #010584 !important;border-left-style: double !important;border-right-color: #010584 !important;border-right-style: double !important;border-top-color: #010584 !important;border-top-style: double !important;border-bottom-color: #010584 !important;border-bottom-style: double !important;border-radius: 2px !important;}\u00bb]<\/p>\n<table>\n<tbody>\n<tr>\n<td width=\"599\">Le deseamos una buena estancia con nosotros. Aqu\u00ed encontrar\u00e1 informaci\u00f3n y publicaciones sobre temas de construcci\u00f3n de paz, \u00e9tica civil, desarrollo integral, procesos de di\u00e1logo y colaboraci\u00f3n plural, experiencias de desarrollo regional, pobreza y pol\u00edticas sociales, prospectiva y m\u00e1s. Obras del Centro Lindavista, pero tambi\u00e9n de autores afines como Goulet, Kahane, De Maria, Prodi y v\u00ednculos a organizaciones con las que trabajamos. \u00a1qu\u00e9 le sea de utilidad y agrado!<\/td>\n<\/tr>\n<\/tbody>\n<\/table>\n<p>[\/vc_column_text][\/vc_column][\/vc_row][vc_row overlay_dotted=\u00bb\u00bb css=\u00bb.vc_custom_1663107343929{margin-top: 30px !important;margin-right: 0px !important;margin-left: 0px !important;padding-top: 30px !important;padding-bottom: 0px !important;}\u00bb][vc_column width=\u00bb1\/4&#8243; css=\u00bb.vc_custom_1506497891255{padding-right: 0px !important;padding-left: 0px !important;}\u00bb]<div class=\"grop-section_text   grop-heading-69f45e380dbee   text-left\"><h2 class=\"text-uppercase grop-sctn_title_fntSz-30   grop-heading-69f45e380dbee  text-left\">\u00c1reas de trabajo Centro Lindavista<\/h2><p>El Centro Lindavista ha promovido una visi\u00f3n de desarrollo integral al plantear esquemas pac\u00edficos, incluyentes, sustentables, que lleven a la equidad y la cohesi\u00f3n social.<\/p><\/div>[\/vc_column][vc_column width=\u00bb1\/4&#8243;][vc_single_image image=\u00bb2708&#8243; img_size=\u00bbfull\u00bb]<h5 class=\"text-uppercase grop-sctn_title_fntSz-30  grop-heading-69f45e380dc1f    text-left\">Desarrollo Regional<\/h5>[vc_column_text]En un pa\u00eds tan extenso, heterog\u00e9neo y con tanta injusticia es necesaria una acci\u00f3n que apoyo a las poblaciones de los territorios en definir y cumplir sus vocaciones, frente alos retos del cambio clim\u00e1tico.[\/vc_column_text]<div class=\"calout-btn\"><a class=\"grop-btn grop-btn_overly grop-cause_remor_btn grop-btn-69f45e380dcf3-ver-mas grp-txt-cls-hvr  \" href=\"http:\/\/centrolindavista.org.mx\/?page_id=2871\">Ver m\u00e1s<\/a><\/div>[\/vc_column][vc_column width=\u00bb1\/4&#8243;][vc_single_image image=\u00bb2731&#8243; img_size=\u00bbfull\u00bb]<h5 class=\"text-uppercase grop-sctn_title_fntSz-30  grop-heading-69f45e380dd44    text-left\">Procesos de Construcci\u00f2n de Paz<\/h5>[vc_column_text]Construir la paz es un compromiso, un arte y una disciplina que hay que estar constantemente aprendiendo, compartiendo y ejerciendo en colaboraci\u00f3n con todos.<\/p>\n<p>[\/vc_column_text]<div class=\"calout-btn\"><a class=\"grop-btn grop-btn_overly grop-cause_remor_btn grop-btn-69f45e380dd8d-ver-mas grp-txt-cls-hvr  \" href=\"http:\/\/centrolindavista.org.mx\/?page_id=2884\">Ver m\u00e1s<\/a><\/div>[\/vc_column][vc_column width=\u00bb1\/4&#8243;][vc_single_image image=\u00bb2754&#8243; img_size=\u00bbfull\u00bb]<h5 class=\"text-uppercase grop-sctn_title_fntSz-30  grop-heading-69f45e380ddc2    text-left\">Guerrero es Primero<\/h5>[vc_column_text]Un espacio de di\u00e1logo y colaboraci\u00f3n en Guerrero, de actores guerrerenses y del resto del pa\u00eds para apoyar procesos de desarrollo sustentable, derechos humanos, construcci\u00f3n de paz y participaci\u00f3n.<\/p>\n<p>[\/vc_column_text]<div class=\"calout-btn\"><a class=\"grop-btn grop-btn_overly grop-cause_remor_btn grop-btn-69f45e380de00-ver-mas grp-txt-cls-hvr  \" href=\"http:\/\/guerreroesprimero.org.mx\/\">Ver m\u00e1s<\/a><\/div>[\/vc_column][\/vc_row][vc_row overlay_dotted=\u00bb\u00bb css=\u00bb.vc_custom_1646685294979{margin-top: 50px !important;margin-right: 0px !important;margin-left: 0px !important;padding-top: 30px !important;padding-bottom: 0px !important;}\u00bb][vc_column width=\u00bb1\/4&#8243;][\/vc_column][vc_column width=\u00bb1\/4&#8243; css=\u00bb.vc_custom_1506497891255{padding-right: 0px !important;padding-left: 0px !important;}\u00bb][vc_single_image image=\u00bb3573&#8243; img_size=\u00bb300&#215;195&#8243;]<h5 class=\"text-uppercase grop-sctn_title_fntSz-30  grop-heading-69f45e380de2d    text-left\">Publicaciones y Materiales de Formaci\u00f3n<\/h5>[vc_column_text]A lo largo de su existencia el Centro Lindavista ha recopilado y desarrollado numerosos materiales y ligas que pueden ser \u00fatiles para la formaci\u00f3n en construcci\u00f3n de paz, \u00e9tica, desarrollo regional y futuro,entre otros temas, los ponemos a la disposici\u00f3n.[\/vc_column_text]<div class=\"calout-btn\"><a class=\"grop-btn grop-btn_overly grop-cause_remor_btn grop-btn-69f45e380de7b-ver-mas grp-txt-cls-hvr  \" href=\"http:\/\/centrolindavista.org.mx\/?page_id=3456\">Ver m\u00e1s<\/a><\/div>[\/vc_column][vc_column width=\u00bb1\/4&#8243;][vc_single_image image=\u00bb2820&#8243; img_size=\u00bb300&#215;195&#8243;]<h5 class=\"text-uppercase grop-sctn_title_fntSz-30  grop-heading-69f45e380dea8    text-left\">\u00c9TICA Y POL\u00cdTICA<\/h5>[vc_column_text]La necesaria interacci\u00f3n entre la pol\u00edtica -que todas y todos ejercemos en distintos \u00e1mbitos- y la \u00e9tica civil, profesional y personal que deben guiar nuestras acciones, proyectos y procesos.[\/vc_column_text]<div class=\"calout-btn\"><a class=\"grop-btn grop-btn_overly grop-cause_remor_btn grop-btn-69f45e380dedf-ver-mas grp-txt-cls-hvr  \" href=\"http:\/\/centrolindavista.org.mx\/?page_id=2925\">Ver m\u00e1s<\/a><\/div>[\/vc_column][vc_column width=\u00bb1\/4&#8243;][vc_single_image image=\u00bb2738&#8243; img_size=\u00bbfull\u00bb]<h5 class=\"text-uppercase grop-sctn_title_fntSz-30  grop-heading-69f45e380df13    text-left\">Cultura<\/h5>[vc_column_text]Las culturas de M\u00e9xico son bases para un verdadero desarrollo. Fomentemos su dinamismo y aportaciones su poblaci\u00f3n y a M\u00e9xico todo.[\/vc_column_text]<div class=\"calout-btn\"><a class=\"grop-btn grop-btn_overly grop-cause_remor_btn grop-btn-69f45e380df49-ver-mas grp-txt-cls-hvr  \" href=\"http:\/\/centrolindavista.org.mx\/?page_id=2938\">Ver m\u00e1s<\/a><\/div>[\/vc_column][\/vc_row][vc_row full_width=\u00bbstretch_row\u00bb overlay_dotted=\u00bb\u00bb css=\u00bb.vc_custom_1646690553735{margin-top: 50px !important;padding-top: 30px !important;padding-bottom: px !important;background-color: #f9f9f9 !important;}\u00bb][vc_column width=\u00bb1\/4&#8243;]<div class=\"grop-section_text   grop-heading-69f45e380df6f   text-left\"><div class=\"text-uppercase grop-sctn_title_fntSz-30   grop-heading-69f45e380df6f  text-left\">Memorias de Proyectos del Centro<\/div><\/div>[\/vc_column][vc_column width=\u00bb1\/4&#8243;][vc_single_image image=\u00bb2754&#8243; img_size=\u00bbfull\u00bb]<h5 class=\"text-uppercase grop-sctn_title_fntSz-30  grop-heading-69f45e380df8b    text-left\">Redes por la Paz<\/h5>[vc_column_text]Grupo plural de organizaciones que trabajan por una paz justa y duradera. Buscamos contribuir a la prevenci\u00f3n de las violencias, la transformaci\u00f3n de conflictos y la construcci\u00f3nd e una paz justa y duradera.[\/vc_column_text]<div class=\"calout-btn\"><a class=\"grop-btn grop-btn_overly grop-cause_remor_btn grop-btn-69f45e380dfbc-ver-mas grp-txt-cls-hvr  \" href=\"http:\/\/centrolindavista.org.mx\/?page_id=3481\">VER M\u00c1S<\/a><\/div>[\/vc_column][vc_column width=\u00bb1\/4&#8243;][vc_single_image image=\u00bb2761&#8243; img_size=\u00bbfull\u00bb]<h5 class=\"text-uppercase grop-sctn_title_fntSz-30  grop-heading-69f45e380dff3    text-left\">Santa Mar\u00eda la Ribera<\/h5>[vc_column_text]Hasta el a\u00f1o 1881 en que se empiezan a fraccionar, por los hermanos Flores, los terrenos de la hacienda la Teja y del Rancho Santa Mar\u00eda, del cual posteriormente tomar\u00eda el nombre de la odonia y Ribera, por estar situadas al norte de la Rivera de San Cosme.[\/vc_column_text]<div class=\"calout-btn\"><a class=\"grop-btn grop-btn_overly grop-cause_remor_btn grop-btn-69f45e380e02f-ver-mas grp-txt-cls-hvr  \" href=\"http:\/\/centrolindavista.org.mx\/santamaria\/public\/index.html\">VER M\u00c1S<\/a><\/div>[\/vc_column][vc_column width=\u00bb1\/4&#8243;][vc_single_image image=\u00bb2762&#8243; img_size=\u00bb300&#215;195&#8243;]<h5 class=\"text-uppercase grop-sctn_title_fntSz-30  grop-heading-69f45e380e05b    text-left\">Comite mixto Hait\u00ed-M\u00e9xico<\/h5>[vc_column_text]La Secci\u00f3n Mexicana del <a href=\"http:\/\/centrolindavista.org.mx\/comitemixtohaiti-mexico\/archivos_index\/Comite-Mixto.html\">Comit\u00e9 Mixto Hait\u00ed-M\u00e9xico<\/a> de la Sociedad Civil para la reconstrucci\u00f3n de Hait\u00ed (Comit\u00e9 Mixto), es un conjunto muy activo de instituciones y organizaciones de la sociedad que reflexiona y act\u00faa conjuntamente con actores de la sociedad haitiana.[\/vc_column_text]<div class=\"calout-btn\"><a class=\"grop-btn grop-btn_overly grop-cause_remor_btn grop-btn-69f45e380e08f-ver-mas grp-txt-cls-hvr  \" href=\"http:\/\/centrolindavista.org.mx\/comitemixtohaiti-mexico\/archivos_index\/\">VER M\u00c1S<\/a><\/div><div class=\"calout-btn\"><a class=\"grop-btn grop-btn_overly grop-cause_remor_btn grop-btn-69f45e380e0c3-novedades grp-txt-cls-hvr  \" href=\"http:\/\/centrolindavista.org.mx\/?page_id=3494\">NOVEDADES<\/a><\/div>[\/vc_column][\/vc_row][vc_row full_width=\u00bbstretch_row\u00bb overlay_dotted=\u00bb\u00bb css=\u00bb.vc_custom_1646690617901{margin-bottom: 0px !important;padding-top: 30px !important;padding-bottom: 0px !important;background-color: #f9f9f9 !important;}\u00bb][vc_column width=\u00bb1\/4&#8243;][\/vc_column][vc_column width=\u00bb1\/4&#8243;][vc_single_image image=\u00bb2733&#8243; img_size=\u00bbfull\u00bb]<h5 class=\"text-uppercase grop-sctn_title_fntSz-30  grop-heading-69f45e380e0e3    text-left\">DI\u00c1LOGO SOCIAL PARA UNA POLITICA EXTERIOR DE ESTADO<\/h5>[vc_column_text]La pol\u00edtica exterior es una herramienta b\u00e1sica para la consecuci\u00f3n de los objetivos de una naci\u00f3n, y debe estar fundamentada.[\/vc_column_text]<div class=\"calout-btn\"><a class=\"grop-btn grop-btn_overly grop-cause_remor_btn grop-btn-69f45e380e10f-ver-mas grp-txt-cls-hvr  \" href=\"http:\/\/centrolindavista.org.mx\/?page_id=3530\">VER M\u00c1S<\/a><\/div>[\/vc_column][vc_column width=\u00bb1\/4&#8243;][vc_single_image image=\u00bb1840&#8243; img_size=\u00bbfull\u00bb]<h5 class=\"text-uppercase grop-sctn_title_fntSz-30  grop-heading-69f45e380e12c    text-left\">GRUPO DE DESARROLLO ECON\u00d3MICO DE LA REGION CENTRO OCCIDENTE<\/h5>[vc_column_text]<\/p>\n<p style=\"margin: 1.5pt 0cm 1.5pt 0cm;\">La experiencia de colaboraci\u00f3n entre las secretar\u00edas de desarrollo econ\u00f3mico de Aguascalientes, Colima, Guanajuato, Jalisco, Michoacan, Nayarit, Queretaro, San Luis Potos\u00ed y Zacatecas.<\/p>\n<p>[\/vc_column_text]<div class=\"calout-btn\"><a class=\"grop-btn grop-btn_overly grop-cause_remor_btn grop-btn-69f45e380e154-ver-mas grp-txt-cls-hvr  \" href=\"http:\/\/centrolindavista.org.mx\/?page_id=3532\">VER M\u00c1S<\/a><\/div>[\/vc_column][vc_column width=\u00bb1\/4&#8243;][vc_single_image image=\u00bb2740&#8243; img_size=\u00bbfull\u00bb]<h5 class=\"text-uppercase grop-sctn_title_fntSz-30  grop-heading-69f45e380e16f    text-left\">Proyecto Polo para una Ciudadan\u00eda Participativa<\/h5>[vc_column_text]<\/p>\n<p style=\"margin: 1.5pt 0cm 1.5pt 0cm;\">La experiencia de colaboraci\u00f3n de organizaciones de Guerrero, Oaxaca y Puebla para fortalecer a la sociedad responsable.<\/p>\n<p>[\/vc_column_text]<div class=\"calout-btn\"><a class=\"grop-btn grop-btn_overly grop-cause_remor_btn grop-btn-69f45e380e195-ver-mas grp-txt-cls-hvr  \" href=\"http:\/\/centrolindavista.org.mx\/?page_id=3415\">VER M\u00c1S<\/a><\/div>[\/vc_column][\/vc_row]<\/p>\n","protected":false},"excerpt":{"rendered":"[vc_row overlay_dotted=\u00bb\u00bb css=\u00bb.vc_custom_1646685294979{margin-top: 50px !important;margin-right: 0px !important;margin-left: 0px !important;padding-top: 30px !important;padding-bottom: 0px !important;}\u00bb][vc_column][vc_column_text css=\u00bb.vc_custom_1663107257943{border-top-width: 4px !important;border-right-width: 4px !important;border-bottom-width: 4px !important;border-left-width: 4px !important;border-left-color: #010584 !important;border-left-style: double !important;border-right-color: #010584 !important;border-right-style: double !important;border-top-color: #010584 !important;border-top-style: double !important;border-bottom-color: #010584 !important;border-bottom-style: double !important;border-radius: 2px !important;}\u00bb] Le deseamos una buena estancia con nosotros. Aqu\u00ed encontrar\u00e1 informaci\u00f3n y publicaciones sobre temas de &#8230;","protected":false},"author":1,"featured_media":0,"parent":0,"menu_order":0,"comment_status":"closed","ping_status":"closed","template":"","meta":{"footnotes":""},"class_list":["post-2559","page","type-page","status-publish","hentry"],"_links":{"self":[{"href":"http:\/\/centrolindavista.org.mx\/index.php?rest_route=\/wp\/v2\/pages\/2559","targetHints":{"allow":["GET"]}}],"collection":[{"href":"http:\/\/centrolindavista.org.mx\/index.php?rest_route=\/wp\/v2\/pages"}],"about":[{"href":"http:\/\/centrolindavista.org.mx\/index.php?rest_route=\/wp\/v2\/types\/page"}],"author":[{"embeddable":true,"href":"http:\/\/centrolindavista.org.mx\/index.php?rest_route=\/wp\/v2\/users\/1"}],"replies":[{"embeddable":true,"href":"http:\/\/centrolindavista.org.mx\/index.php?rest_route=%2Fwp%2Fv2%2Fcomments&post=2559"}],"version-history":[{"count":150,"href":"http:\/\/centrolindavista.org.mx\/index.php?rest_route=\/wp\/v2\/pages\/2559\/revisions"}],"predecessor-version":[{"id":3830,"href":"http:\/\/centrolindavista.org.mx\/index.php?rest_route=\/wp\/v2\/pages\/2559\/revisions\/3830"}],"wp:attachment":[{"href":"http:\/\/centrolindavista.org.mx\/index.php?rest_route=%2Fwp%2Fv2%2Fmedia&parent=2559"}],"curies":[{"name":"wp","href":"https:\/\/api.w.org\/{rel}","templated":true}]}}